{"id":2231,"date":"2026-01-19T15:28:12","date_gmt":"2026-01-19T14:28:12","guid":{"rendered":"https:\/\/auditoriolavallduixo.es\/politica-de-privacidad\/"},"modified":"2026-04-23T23:27:21","modified_gmt":"2026-04-23T21:27:21","slug":"politica-de-privacidad","status":"publish","type":"page","link":"https:\/\/auditoriolavallduixo.es\/es\/politica-de-privacidad\/","title":{"rendered":"P\u00f3litica de privacidad"},"content":{"rendered":"\n<p>En cumplimiento de la normativa vigente en materia de protecci\u00f3n de datos personales, le informamos que los datos personales recabados en este formulario forman parte de ficheros responsabilidad de GTM LA VAGUADA, AIE, y son tratados por \u00e9sta con la finalidad de gestionar las comunicaciones entre GTM LA VAGUADA, AIE y usted.<\/p>\n\n<p>Puede ejercer sus derechos de Acceso, Rectificaci\u00f3n, Cancelaci\u00f3n y Oposici\u00f3n a trav\u00e9s de la siguiente direcci\u00f3n gtmlavaguada@gmail.com (En cumplimiento del Reglamento UE 2016\/679 del Parlamento Europeo y del Consejo, de 27 de abril de 2016 relativo a la protecci\u00f3n de las personas f\u00edsicas en lo que respecta al tratamiento de datos personales y a la libre circulaci\u00f3n de \u00e9stos y la Ley Org\u00e1nica 3\/2018, de 5 de diciembre, de Protecci\u00f3n de Datos Personales y garant\u00eda de los derechos digitales, informamos que los datos personales de los candidatos ser\u00e1n tratados por GTM LA VAGUADA, AIE a los \u00fanicos efectos de resolver los correspondientes procesos selectivos, pudiendo ejercer los interesados los derechos de acceso, rectificaci\u00f3n, supresi\u00f3n, limitaci\u00f3n y oposici\u00f3n ante esta Sociedad (Av. de Monforte de Lemos, 36, Fuencarral-El Pardo, 28029, Madrid). La legitimaci\u00f3n para el tratamiento de los datos deriva del cumplimiento de las obligaciones legales contenidas en las referidas normas, as\u00ed como del consentimiento del interesado y de la normativa en materia de transparencia. <\/p>\n\n<p>Asimismo, le informamos que el responsable de sus datos personales es GTM LA VAGUADA, AIE. \u00c9stos no ser\u00e1n cedidos a terceros, excepto en caso de obligaci\u00f3n legal. <\/p>\n\n<p>La presente Pol\u00edtica de Privacidad ha sido desarrollada teniendo en cuenta lo dispuesto en el Reglamento 2016\/679 del Parlamento Europeo y del consejo del 27 de abril de 2016 relativo a la protecci\u00f3n de las personas f\u00edsicas en lo que respecta al tratamiento de datos personales y a la circulaci\u00f3n de estos datos, en adelante el RGPD, as\u00ed como en la Ley Org\u00e1nica 3\/2018, de 5 de diciembre, de Protecci\u00f3n de Datos y derechos digitales (en lo sucesivo, LOPDGDD) y dem\u00e1s normativa aplicable.<\/p>\n\n<p>Esta Pol\u00edtica de Privacidad tiene por objeto poner en conocimiento a las personas f\u00edsicas que faciliten sus datos personales, y\/o los de la persona a la que representa, respecto de los cuales se est\u00e1 recabando informaci\u00f3n, los aspectos espec\u00edficos relativos al tratamiento sus datos, las finalidades de los tratamientos, los datos de contacto para ejercer los derechos que le asisten, los plazos de conservaci\u00f3n de la informaci\u00f3n y las medidas de seguridad, entre otras cosas.<\/p>\n\n<p><strong>\u00bfQUI\u00c9N ES EL RESPONSABLE DEL TRATAMIENTO?<\/strong> <\/p>\n\n<p>A continuaci\u00f3n, se indican los datos de contacto del Responsable del Tratamiento:<\/p>\n\n<ul class=\"wp-block-list\">\n<li>Identidad del responsable: GTM LA VAGUADA AIE.<\/li>\n\n\n\n<li>Direcci\u00f3n f\u00edsica: Av. de Monforte de Lemos, 36, Fuencarral-El Pardo, 28029, Madrid. <\/li>\n\n\n\n<li>Email: gtmlavaguada@gmail.com<\/li>\n<\/ul>\n\n<p><strong>\u00bfQU\u00c9 DATOS PERSONALES TRATAMOS?<\/strong> <\/p>\n\n<p>Toda la informaci\u00f3n recabada por parte de GTM LA VAGUADA AIE ser\u00e1 tratada de forma leal, l\u00edcita y transparente.<\/p>\n\n<p>Asimismo, los datos solicitados en cada uno de los tratamientos realizados consistir\u00e1n \u00fanicamente en aquellos estrictamente imprescindibles para realizar la finalidad pretendida e informada en cada caso.<\/p>\n\n<p>De este modo, sus datos recogidos ser\u00e1n adecuados, pertinentes y no excesivos en relaci\u00f3n con los fines para los que son tratados en cada caso. Por lo que, sus datos personales ser\u00e1n recogidos para finalidades determinadas expl\u00edcitas y leg\u00edtimas, no siendo tratados ulteriormente de manera con incompatible con dichos fines. Adem\u00e1s, ser\u00e1n actualizados siempre que sea necesario.  <\/p>\n\n<p><strong>\u00bfCON QU\u00c9 FINALIDAD Y CASOS ESPEC\u00cdFICOS CON LOS QUE TRATAMOS LOS DATOS PERSONALES?<\/strong> <\/p>\n\n<p>En t\u00e9rminos generales, se tratan los datos personales con las siguientes finalidades:<\/p>\n\n<ul class=\"wp-block-list\">\n<li><strong>Gesti\u00f3n de registro como usuario<\/strong>: La informaci\u00f3n que nos facilites en el formulario de registro se tratar\u00e1 para la gesti\u00f3n de los usuarios en nuestras plataformas. Tras dicho registro, podr\u00e1s consultar tu historial de pedidos, canjear tarjetas de regalo o vales de descuento, modificar tus datos personales y\/o direcciones de env\u00edo y facturaci\u00f3n, listas de deseos, valoraciones o alertas. <\/li>\n\n\n\n<li><strong>Gesti\u00f3n, cumplimiento y ejecuci\u00f3n del contrato de compra<\/strong>: En concreto, se utilizar\u00e1n los datos personales para la formalizaci\u00f3n del contrato de compra; para la gesti\u00f3n pago de transacciones; para contactarle en caso de cualquier incidencia relacionada con su compra; para la gesti\u00f3n de la facturaci\u00f3n y entrega de tickets y facturas de compra; para la gesti\u00f3n de las devoluciones de productos adquiridos; para informarte sobre la disponibilidad de los productos solicitados; y\/o para la gesti\u00f3n de cupones o tarjetas regalos que canjees en la web.<\/li>\n\n\n\n<li><strong>Newsletter<\/strong>: Enviar informaci\u00f3n a trav\u00e9s de los medios proporcionados acerca de las novedades, noticias, productos y servicios relacionados con nosotros o nuestro sector.<\/li>\n\n\n\n<li>Remisi\u00f3n de comunicaciones comerciales publicitarias, env\u00edo de comunicaciones o eventos comerciales sobre productos o servicios similares a los contratados, promociones y\/o ofertas.<\/li>\n\n\n\n<li><strong>Contacto<\/strong>: responder a las solicitudes de informaci\u00f3n recibidas sobre los productos y servicios que se ofrecen, as\u00ed como dar respuesta a cualquier otro tipo de pregunta que env\u00eden los usuarios.<\/li>\n\n\n\n<li><strong>Clientes<\/strong>: llevar a cabo la gesti\u00f3n de venta de bienes y servicios, facturaci\u00f3n, contabilidad, cobros, impagos, ofertas, presupuestos y contratos, atenci\u00f3n al cliente, contacto y relaciones comerciales.<\/li>\n\n\n\n<li><strong>Clientes Potenciales<\/strong>: Realizar seguimiento y oportunidades comerciales para la organizaci\u00f3n.<\/li>\n\n\n\n<li><strong>Proveedores<\/strong>: llevar a cabo la gesti\u00f3n de compras, contabilidad, pagos, gesti\u00f3n de albaranes y pedidos, contacto y relaciones comerciales.<\/li>\n\n\n\n<li><strong>Videovigilancia<\/strong>: Controlar el acceso a las instalaciones de la organizaci\u00f3n y velar por la seguridad de los bienes y las personas de la empresa.<\/li>\n\n\n\n<li><strong>Candidatos<\/strong>: Realizar procesos internos de selecci\u00f3n de personal, tanto actuales como futuros.<\/li>\n<\/ul>\n\n<p>Con los datos personales recabados no se elaborar\u00e1n perfiles ni se realizar\u00e1n decisiones automatizadas.<\/p>\n\n<p><strong>\u00bfCU\u00c1L ES LA LEGITIMACI\u00d3N PARA EL TRATAMIENTO DE LOS DATOS?<\/strong> <\/p>\n\n<p>Por regla general, previo al tratamiento de los datos personales, GTM LA VAGUADA AIE informa de la base jur\u00eddica por la cual establece la legitimaci\u00f3n del tratamiento en cuesti\u00f3n.<\/p>\n\n<p>No obstante, en la organizaci\u00f3n se pueden tratar informaci\u00f3n de car\u00e1cter personal para:<\/p>\n\n<ul class=\"wp-block-list\">\n<li><strong>Cumplimiento de obligaciones Legales y regulatorias<\/strong>: A t\u00edtulo enunciativo y no limitativo. Ley General para la Defensa de los Consumidores y Usuarios, Ley General Tributaria, Ley de Impuestos de Sociedades, Ley de Auditor\u00eda de Cuentas, Ley del Impuesto sobre el Valor A\u00f1adido, C\u00f3digo Civil, C\u00f3digo de Comercio, as\u00ed como la existencia de una ley o norma espec\u00edfica que autorice o exija el tratamiento de los datos del interesado, la cual se enunciar\u00e1 en la cl\u00e1usula informativa correspondiente. <\/li>\n\n\n\n<li><strong>Ejecuci\u00f3n de un Contrato<\/strong>: para la gesti\u00f3n previa de un servicio o producto contratado, desarrollo de la ejecuci\u00f3n de un contrato o posteriores gestiones derivadas de dichas operaciones.<\/li>\n\n\n\n<li><strong>Consentimiento<\/strong>: existen tratamientos basados en la obtenci\u00f3n del consentimiento expreso e inequ\u00edvoco del titular de los mismos, mediante la incorporaci\u00f3n de cl\u00e1usulas de consentimiento informado en los diferentes sistemas de recogida de informaci\u00f3n prestando el consentimiento mediante una declaraci\u00f3n o una clara acci\u00f3n afirmativa como el marcado de una casilla dispuesta al efecto o la suscripci\u00f3n del documento oportuno o mediante el env\u00edo de datos a trav\u00e9s de los medios de contacto indicados. Adicionalmente, te informamos que s\u00f3lo usaremos la informaci\u00f3n de car\u00e1cter personal en virtud de esta Pol\u00edtica de Privacidad y, con car\u00e1cter general, solicitaremos tu consentimiento para usos con fines distintos de aqu\u00e9llos para los cuales los otorgaste inicialmente. <\/li>\n\n\n\n<li><strong>Inter\u00e9s leg\u00edtimo<\/strong>: el tratamiento de datos basado inter\u00e9s leg\u00edtimo del responsable, se establecer\u00e1, principalmente, para el env\u00edo de comunicaciones o eventos comerciales sobre productos o servicios similares a los contratados. Seg\u00fan el art\u00edculo 21.2 de la Ley de Servicios de la Sociedad de la Informaci\u00f3n, este tratamiento solo ser\u00e1 v\u00e1lido cuando, siendo cliente, no se haya negado expresamente al momento de recogida de los datos o en cualquiera de las comunicaciones que realicemos. <\/li>\n<\/ul>\n\n<p><strong>\u00bfDURANTE CU\u00c1NTO TRATAMOS LOS DATOS PERSONALES?<\/strong> <\/p>\n\n<p>En la web de GTM se tratan los datos personales durante el tiempo necesario para cumplir con la finalidad para la que fueron recogidos, mientras se mantenga la prestaci\u00f3n del servicio o la relaci\u00f3n laboral o contractual, exista un inter\u00e9s mutuo y\/o durante el tiempo previsto en la normativa correspondiente.<\/p>\n\n<p>Cumplidos los criterios de plazos establecidos, los datos ser\u00e1n cancelados. Dicha cancelaci\u00f3n dar\u00e1 lugar al bloqueo de los datos conserv\u00e1ndose \u00fanicamente a disposici\u00f3n de las Administraciones P\u00fablicas, Jueces y Tribunales, para atender las posibles responsabilidades nacidas del tratamiento, durante el plazo de prescripci\u00f3n de \u00e9stas, cumplido el citado plazo se proceder\u00e1 a la destrucci\u00f3n de la informaci\u00f3n. <\/p>\n\n<p>En relaci\u00f3n con el sistema de videovigilancia, el plazo de conservaci\u00f3n no ser\u00e1 superior a un mes.<\/p>\n\n<p><strong>\u00bfCON QUI\u00c9N COMPARTIMOS LOS DATOS PERSONALES?<\/strong> <\/p>\n\n<p>Por regla general, GTM LA VAGUADA AIE no procede a la cesi\u00f3n o comunicaci\u00f3n de sus datos a terceras entidades, salvo las requeridas legalmente.<\/p>\n\n<p>No obstante, en caso de que fuera necesario, dichas cesiones o comunicaciones de datos se informan al interesado a trav\u00e9s de las cl\u00e1usulas informativas contenidas en las diferentes v\u00edas de recogida de datos personales.<\/p>\n\n<p><strong>\u00bfSE REALIZAN TRANSFERENCIAS INTERNACIONALES?<\/strong> <\/p>\n\n<p>Le informamos que, con car\u00e1cter general, no se realizan transferencias internacionales fuera del Espacio Econ\u00f3mico Europeo (EEE). En el caso de que se produjera una transferencia de datos fuera del EEE, LA ORGANIZACI\u00d3N dispondr\u00e1 de las garant\u00edas adecuadas para realizar dicha transferencia, en virtud de los requerimientos que establece el Reglamento General de Protecci\u00f3n de Datos <\/p>\n\n<p><strong>\u00bfQU\u00c9 DERECHOS PUEDES EJERCER?<\/strong> <\/p>\n\n<p>Seg\u00fan la normativa europea los derechos que le asisten son los siguientes:<\/p>\n\n<ul class=\"wp-block-list\">\n<li>Derecho de Acceso, derecho a solicitar informaci\u00f3n al responsable de un fichero sobre si sus datos personales est\u00e1n siendo tratados.<\/li>\n\n\n\n<li>Derecho de Rectificaci\u00f3n, derecho que permite a la persona afectada solicitar la modificaci\u00f3n de datos que sean inexactos o incompletos.<\/li>\n\n\n\n<li>Derecho de Oposici\u00f3n, derecho de una persona a oponerse al tratamiento de sus datos personales o el cese de \u00e9stos.<\/li>\n\n\n\n<li>Derecho de Decisiones individuales automatizadas, derecho a no ser objeto de una decisi\u00f3n basada \u00fanicamente en el tratamiento automatizado, incluida la elaboraci\u00f3n de perfiles, que produzca efectos jur\u00eddicos en \u00e9l o le afecte significativamente de modo similar<\/li>\n\n\n\n<li>Derecho de Limitaci\u00f3n, derecho a suspender el tratamiento de los datos personales del usuario en determinados supuestos<\/li>\n\n\n\n<li>Derecho de Supresi\u00f3n u Olvido, derecho a supresi\u00f3n de los datos personales del interesado<\/li>\n\n\n\n<li>Derecho de Portabilidad, derecho a solicitar al responsable del tratamiento que se le faciliten los datos personales en un formato estructurado y claro a otro responsable.<\/li>\n\n\n\n<li>Derecho a presentar una reclamaci\u00f3n ante la autoridad de control competente si considera que el tratamiento no se ajusta a la normativa vigente.<\/li>\n<\/ul>\n\n<p><strong>\u00bfC\u00d3MO EJERCER SUS DERECHOS?<\/strong> <\/p>\n\n<p>El solicitante puede ejercer sus derechos a trav\u00e9s de los siguientes medios: <\/p>\n\n<ul class=\"wp-block-list\">\n<li>Email a gtmlavaguada@gmail.com aportando documentaci\u00f3n que acredite la identidad del solicitante (copia del anverso del Documento Nacional de Identidad, o equivalente)<\/li>\n\n\n\n<li>Correo postal a Av. de Monforte de Lemos, 36, Fuencarral-El Pardo, 28029, Madrid aportando documentaci\u00f3n que acredite la identidad del solicitante (copia del anverso del Documento Nacional de Identidad, o equivalente) <\/li>\n<\/ul>\n\n<p>En cualquier caso, puede solicitar la tutela de la Agencia Espa\u00f1ola de Protecci\u00f3n de Datos a trav\u00e9s de su <a href=\"http:\/\/www.aepd.es\/\" target=\"_blank\" rel=\"noopener\">p\u00e1gina web<\/a>.<\/p>\n\n<p>En este sentido, GTM LA VAGUADA AIE atender\u00e1 su solicitud a la mayor brevedad posible y teniendo en cuenta los plazos previstos en la normativa en materia de protecci\u00f3n de datos.<\/p>\n","protected":false},"excerpt":{"rendered":"<p>En cumplimiento de la normativa vigente en materia de protecci\u00f3n de datos personales, le informamos que los datos personales recabados en este formulario forman parte de ficheros responsabilidad de GTM LA VAGUADA, AIE, y son tratados por \u00e9sta con la finalidad de gestionar las comunicaciones entre GTM LA VAGUADA, AIE y usted. Puede ejercer sus [&hellip;]<\/p>\n","protected":false},"author":4,"featured_media":0,"parent":0,"menu_order":0,"comment_status":"closed","ping_status":"closed","template":"","meta":{"footnotes":""},"class_list":["post-2231","page","type-page","status-publish","hentry"],"_links":{"self":[{"href":"https:\/\/auditoriolavallduixo.es\/es\/wp-json\/wp\/v2\/pages\/2231","targetHints":{"allow":["GET"]}}],"collection":[{"href":"https:\/\/auditoriolavallduixo.es\/es\/wp-json\/wp\/v2\/pages"}],"about":[{"href":"https:\/\/auditoriolavallduixo.es\/es\/wp-json\/wp\/v2\/types\/page"}],"author":[{"embeddable":true,"href":"https:\/\/auditoriolavallduixo.es\/es\/wp-json\/wp\/v2\/users\/4"}],"replies":[{"embeddable":true,"href":"https:\/\/auditoriolavallduixo.es\/es\/wp-json\/wp\/v2\/comments?post=2231"}],"version-history":[{"count":1,"href":"https:\/\/auditoriolavallduixo.es\/es\/wp-json\/wp\/v2\/pages\/2231\/revisions"}],"predecessor-version":[{"id":2232,"href":"https:\/\/auditoriolavallduixo.es\/es\/wp-json\/wp\/v2\/pages\/2231\/revisions\/2232"}],"wp:attachment":[{"href":"https:\/\/auditoriolavallduixo.es\/es\/wp-json\/wp\/v2\/media?parent=2231"}],"curies":[{"name":"wp","href":"https:\/\/api.w.org\/{rel}","templated":true}]}}